{"version":"1.0","provider_name":"H\u00e4irik\u00f6t-p\u00e4\u00e4maja","provider_url":"https:\/\/voima.fi\/hairikot","title":"Vapaustaistelijoita ja terroristeja - H\u00e4irik\u00f6t-p\u00e4\u00e4maja","type":"rich","width":600,"height":338,"html":"<blockquote class=\"wp-embedded-content\" data-secret=\"KnNa76qm6o\"><a href=\"https:\/\/voima.fi\/hairikot\/artikkeli\/vapaustaistelijoita-ja-terroristeja\/\">Vapaustaistelijoita ja terroristeja<\/a><\/blockquote><iframe sandbox=\"allow-scripts\" security=\"restricted\" src=\"https:\/\/voima.fi\/hairikot\/artikkeli\/vapaustaistelijoita-ja-terroristeja\/embed\/#?secret=KnNa76qm6o\" width=\"600\" height=\"338\" title=\"&#8221;Vapaustaistelijoita ja terroristeja&#8221; &#8212; H\u00e4irik\u00f6t-p\u00e4\u00e4maja\" data-secret=\"KnNa76qm6o\" frameborder=\"0\" marginwidth=\"0\" marginheight=\"0\" scrolling=\"no\" class=\"wp-embedded-content\"><\/iframe><script type=\"text\/javascript\">\n\/* <![CDATA[ *\/\n\/*! This file is auto-generated *\/\n!function(d,l){\"use strict\";l.querySelector&&d.addEventListener&&\"undefined\"!=typeof URL&&(d.wp=d.wp||{},d.wp.receiveEmbedMessage||(d.wp.receiveEmbedMessage=function(e){var t=e.data;if((t||t.secret||t.message||t.value)&&!\/[^a-zA-Z0-9]\/.test(t.secret)){for(var s,r,n,a=l.querySelectorAll('iframe[data-secret=\"'+t.secret+'\"]'),o=l.querySelectorAll('blockquote[data-secret=\"'+t.secret+'\"]'),c=new RegExp(\"^https?:$\",\"i\"),i=0;i<o.length;i++)o[i].style.display=\"none\";for(i=0;i<a.length;i++)s=a[i],e.source===s.contentWindow&&(s.removeAttribute(\"style\"),\"height\"===t.message?(1e3<(r=parseInt(t.value,10))?r=1e3:~~r<200&&(r=200),s.height=r):\"link\"===t.message&&(r=new URL(s.getAttribute(\"src\")),n=new URL(t.value),c.test(n.protocol))&&n.host===r.host&&l.activeElement===s&&(d.top.location.href=t.value))}},d.addEventListener(\"message\",d.wp.receiveEmbedMessage,!1),l.addEventListener(\"DOMContentLoaded\",function(){for(var e,t,s=l.querySelectorAll(\"iframe.wp-embedded-content\"),r=0;r<s.length;r++)(t=(e=s[r]).getAttribute(\"data-secret\"))||(t=Math.random().toString(36).substring(2,12),e.src+=\"#?secret=\"+t,e.setAttribute(\"data-secret\",t)),e.contentWindow.postMessage({message:\"ready\",secret:t},\"*\")},!1)))}(window,document);\n\/* ]]> *\/\n<\/script>\n","thumbnail_url":"https:\/\/voima.fi\/hairikot\/wp-content\/uploads\/sites\/9\/2020\/08\/The-North-Syria-paitta.png","thumbnail_width":994,"thumbnail_height":687,"description":"Turkki pommitti j\u00e4lleen terroristeiksi nimitt\u00e4mi\u00e4\u00e4n kurdeja pohjois-Irakissa. Samoja kurdeja on ylistetty taistelusta Saddam Husseinia ja Isisi\u00e4 vastaan. Turkin ilmavoimien koneet pommittivat kes\u00e4kuun 15. p\u00e4iv\u00e4n\u00e4 yhteens\u00e4 81 kohdetta pohjoisessa Irakissa. Normaaliin tapaan maan puolustusministeri\u00f6\u00a0 ilmoitti iskujen kohdistuneen \u201dterroristeihin\u201d. Viel\u00e4 hetki sitten n\u00e4it\u00e4 kurdeja ylistettiin ymp\u00e4ri maailman siit\u00e4, ett\u00e4 he olivat tampanneet terroristij\u00e4rjest\u00f6 Isisin maan rakoon. Vuosituhannen [&hellip;]"}