{"version":"1.0","provider_name":"H\u00e4irik\u00f6t-p\u00e4\u00e4maja","provider_url":"https:\/\/voima.fi\/hairikot","title":"T\u00f6iss\u00e4 tilalla \u2013 eli aktivistin hommissa - H\u00e4irik\u00f6t-p\u00e4\u00e4maja","type":"rich","width":600,"height":338,"html":"<blockquote class=\"wp-embedded-content\" data-secret=\"LeMjfGguiY\"><a href=\"https:\/\/voima.fi\/hairikot\/artikkeli\/toissa-tilalla-eli-aktivistin-hommissa\/\">T\u00f6iss\u00e4 tilalla \u2013 eli aktivistin hommissa<\/a><\/blockquote><iframe sandbox=\"allow-scripts\" security=\"restricted\" src=\"https:\/\/voima.fi\/hairikot\/artikkeli\/toissa-tilalla-eli-aktivistin-hommissa\/embed\/#?secret=LeMjfGguiY\" width=\"600\" height=\"338\" title=\"&#8221;T\u00f6iss\u00e4 tilalla \u2013 eli aktivistin hommissa&#8221; &#8212; H\u00e4irik\u00f6t-p\u00e4\u00e4maja\" data-secret=\"LeMjfGguiY\" frameborder=\"0\" marginwidth=\"0\" marginheight=\"0\" scrolling=\"no\" class=\"wp-embedded-content\"><\/iframe><script type=\"text\/javascript\">\n\/* <![CDATA[ *\/\n\/*! This file is auto-generated *\/\n!function(d,l){\"use strict\";l.querySelector&&d.addEventListener&&\"undefined\"!=typeof URL&&(d.wp=d.wp||{},d.wp.receiveEmbedMessage||(d.wp.receiveEmbedMessage=function(e){var t=e.data;if((t||t.secret||t.message||t.value)&&!\/[^a-zA-Z0-9]\/.test(t.secret)){for(var s,r,n,a=l.querySelectorAll('iframe[data-secret=\"'+t.secret+'\"]'),o=l.querySelectorAll('blockquote[data-secret=\"'+t.secret+'\"]'),c=new RegExp(\"^https?:$\",\"i\"),i=0;i<o.length;i++)o[i].style.display=\"none\";for(i=0;i<a.length;i++)s=a[i],e.source===s.contentWindow&&(s.removeAttribute(\"style\"),\"height\"===t.message?(1e3<(r=parseInt(t.value,10))?r=1e3:~~r<200&&(r=200),s.height=r):\"link\"===t.message&&(r=new URL(s.getAttribute(\"src\")),n=new URL(t.value),c.test(n.protocol))&&n.host===r.host&&l.activeElement===s&&(d.top.location.href=t.value))}},d.addEventListener(\"message\",d.wp.receiveEmbedMessage,!1),l.addEventListener(\"DOMContentLoaded\",function(){for(var e,t,s=l.querySelectorAll(\"iframe.wp-embedded-content\"),r=0;r<s.length;r++)(t=(e=s[r]).getAttribute(\"data-secret\"))||(t=Math.random().toString(36).substring(2,12),e.src+=\"#?secret=\"+t,e.setAttribute(\"data-secret\",t)),e.contentWindow.postMessage({message:\"ready\",secret:t},\"*\")},!1)))}(window,document);\n\/* ]]> *\/\n<\/script>\n","thumbnail_url":"https:\/\/voima.fi\/hairikot\/wp-content\/uploads\/sites\/9\/2020\/08\/Tilda-ja-Jari.png","thumbnail_width":895,"thumbnail_height":598,"description":"Aktivisimia on monenlaista \u2013 itse p\u00e4\u00e4dyin hoitamaan lampaita, kanoja ja emakkoa. Aktivistin hatun ohella olen p\u00e4\u00e4tynyt sovittamaan p\u00e4\u00e4h\u00e4ni my\u00f6s taiteilijan lakkia. H\u00e4irik\u00f6t-p\u00e4\u00e4maja sijaitsee taiteen, aktivismin, journalismin ja akateemisen tutkimuksen leikkauspisteess\u00e4. V\u00e4lill\u00e4 painotus vie enemm\u00e4n yhteen suuntaa ja toisinaan toiseen. Tarkkoja rajoja n\u00e4iden v\u00e4lille on kuitenkin toisinaan vaikea vet\u00e4\u00e4 ja turhan tarkka rajojen kytt\u00e4\u00e4minen olisi jopa [&hellip;]"}